{"id":2164,"date":"2023-11-13T16:34:23","date_gmt":"2023-11-13T15:34:23","guid":{"rendered":"https:\/\/igiemmepackaging.it\/packaging\/preite\/"},"modified":"2023-12-12T11:52:59","modified_gmt":"2023-12-12T10:52:59","slug":"preite-box","status":"publish","type":"project","link":"https:\/\/igiemmepackaging.it\/de\/packaging\/preite-box\/","title":{"rendered":"Preite Box"},"content":{"rendered":"\n<div class=\"wp-block-columns\">\n<div class=\"wp-block-column\">\n<p>Box aus dickem Karton mit 4-Farben-Druck, matte Laminierung, UV-Pr\u00e4gung und Seilgriffe.<\/p>\n\n\n\n<p>20x20x21 cm<\/p>\n\n\n\n<p>Weihnachtsverpackung f\u00fcr Preite, eine handwerkliche B\u00e4ckerei in Casarano in der Provinz Lecce (Puglia).<\/p>\n\n\n\n<p>Gestaltung und Produktion: Igiemme<br>Photo &amp; video: Noii studio<\/p>\n<\/div>\n\n\n\n<div class=\"wp-block-column\"><aside id=\"banner-contact-block_6552413cc979c\" class=\"banner-contact\">\n    <h4>\n        M\u00f6chten Sie weitere Informationen zu diesem Produkt?    <\/h4>\n    <a class=\"scroll-to btn btn-outline-dark\" data-bs-toggle=\"collapse\" href=\"#collapseContactform\" aria-expanded=\"false\" aria-controls=\"collapseContactform\">Kontaktiere uns<\/a>\n<\/aside>\n<\/div>\n<\/div>\n\n\n\n<div style=\"height:100px\" aria-hidden=\"true\" class=\"wp-block-spacer\"><\/div>\n\n\n\n<figure class=\"wp-block-gallery has-nested-images columns-2 is-cropped wp-block-gallery-1 is-layout-flex wp-block-gallery-is-layout-flex\">\n<figure class=\"wp-block-image size-full\"><img loading=\"lazy\" decoding=\"async\" width=\"1500\" height=\"1500\" data-id=\"2141\" src=\"https:\/\/igiemmepackaging.it\/wp-content\/uploads\/2023\/11\/01a.IG_pack-natale.jpg\" alt=\"\" class=\"wp-image-2141\" srcset=\"https:\/\/igiemmepackaging.it\/wp-content\/uploads\/2023\/11\/01a.IG_pack-natale.jpg 1500w, https:\/\/igiemmepackaging.it\/wp-content\/uploads\/2023\/11\/01a.IG_pack-natale-300x300.jpg 300w, https:\/\/igiemmepackaging.it\/wp-content\/uploads\/2023\/11\/01a.IG_pack-natale-1024x1024.jpg 1024w, https:\/\/igiemmepackaging.it\/wp-content\/uploads\/2023\/11\/01a.IG_pack-natale-150x150.jpg 150w, https:\/\/igiemmepackaging.it\/wp-content\/uploads\/2023\/11\/01a.IG_pack-natale-768x768.jpg 768w, https:\/\/igiemmepackaging.it\/wp-content\/uploads\/2023\/11\/01a.IG_pack-natale-125x125.jpg 125w\" sizes=\"auto, (max-width: 1500px) 100vw, 1500px\" \/><\/figure>\n\n\n\n<figure class=\"wp-block-image size-large\"><img loading=\"lazy\" decoding=\"async\" width=\"1024\" height=\"1024\" data-id=\"2145\" src=\"https:\/\/igiemmepackaging.it\/wp-content\/uploads\/2023\/11\/01b.IG_pack-natale-1024x1024.jpg\" alt=\"\" class=\"wp-image-2145\" srcset=\"https:\/\/igiemmepackaging.it\/wp-content\/uploads\/2023\/11\/01b.IG_pack-natale-1024x1024.jpg 1024w, https:\/\/igiemmepackaging.it\/wp-content\/uploads\/2023\/11\/01b.IG_pack-natale-300x300.jpg 300w, https:\/\/igiemmepackaging.it\/wp-content\/uploads\/2023\/11\/01b.IG_pack-natale-150x150.jpg 150w, https:\/\/igiemmepackaging.it\/wp-content\/uploads\/2023\/11\/01b.IG_pack-natale-768x768.jpg 768w, https:\/\/igiemmepackaging.it\/wp-content\/uploads\/2023\/11\/01b.IG_pack-natale-125x125.jpg 125w, https:\/\/igiemmepackaging.it\/wp-content\/uploads\/2023\/11\/01b.IG_pack-natale.jpg 1500w\" sizes=\"auto, (max-width: 1024px) 100vw, 1024px\" \/><\/figure>\n\n\n\n<figure class=\"wp-block-image size-large\"><img loading=\"lazy\" decoding=\"async\" width=\"1024\" height=\"1024\" data-id=\"2149\" src=\"https:\/\/igiemmepackaging.it\/wp-content\/uploads\/2023\/11\/01c.IG_pack-natale-1024x1024.jpg\" alt=\"\" class=\"wp-image-2149\" srcset=\"https:\/\/igiemmepackaging.it\/wp-content\/uploads\/2023\/11\/01c.IG_pack-natale-1024x1024.jpg 1024w, https:\/\/igiemmepackaging.it\/wp-content\/uploads\/2023\/11\/01c.IG_pack-natale-300x300.jpg 300w, https:\/\/igiemmepackaging.it\/wp-content\/uploads\/2023\/11\/01c.IG_pack-natale-150x150.jpg 150w, https:\/\/igiemmepackaging.it\/wp-content\/uploads\/2023\/11\/01c.IG_pack-natale-768x768.jpg 768w, https:\/\/igiemmepackaging.it\/wp-content\/uploads\/2023\/11\/01c.IG_pack-natale-125x125.jpg 125w, https:\/\/igiemmepackaging.it\/wp-content\/uploads\/2023\/11\/01c.IG_pack-natale.jpg 1500w\" sizes=\"auto, (max-width: 1024px) 100vw, 1024px\" \/><\/figure>\n\n\n\n<figure class=\"wp-block-image size-large\"><img loading=\"lazy\" decoding=\"async\" width=\"1024\" height=\"1024\" data-id=\"2153\" src=\"https:\/\/igiemmepackaging.it\/wp-content\/uploads\/2023\/11\/01d.IG_pack-natale-1024x1024.jpg\" alt=\"\" class=\"wp-image-2153\" srcset=\"https:\/\/igiemmepackaging.it\/wp-content\/uploads\/2023\/11\/01d.IG_pack-natale-1024x1024.jpg 1024w, https:\/\/igiemmepackaging.it\/wp-content\/uploads\/2023\/11\/01d.IG_pack-natale-300x300.jpg 300w, https:\/\/igiemmepackaging.it\/wp-content\/uploads\/2023\/11\/01d.IG_pack-natale-150x150.jpg 150w, https:\/\/igiemmepackaging.it\/wp-content\/uploads\/2023\/11\/01d.IG_pack-natale-768x768.jpg 768w, https:\/\/igiemmepackaging.it\/wp-content\/uploads\/2023\/11\/01d.IG_pack-natale-125x125.jpg 125w, https:\/\/igiemmepackaging.it\/wp-content\/uploads\/2023\/11\/01d.IG_pack-natale.jpg 1500w\" sizes=\"auto, (max-width: 1024px) 100vw, 1024px\" \/><\/figure>\n<\/figure>\n\n\n\n<div class=\"wp-block-columns\">\n<div class=\"wp-block-column\">\n<figure class=\"wp-block-video\"><video height=\"1200\" style=\"aspect-ratio: 1200 \/ 1200;\" width=\"1200\" controls=\"\" src=\"https:\/\/igiemmepackaging.it\/wp-content\/uploads\/2023\/12\/Varvaglione-Preite.mp4\"><\/video><\/figure>\n<\/div>\n\n\n\n<div class=\"wp-block-column\"><\/div>\n<\/div>\n","protected":false},"excerpt":{"rendered":"<p>Box aus dickem Karton mit 4-Farben-Druck, matte Laminierung, UV-Pr\u00e4gung und Seilgriffe. 20x20x21 cm Weihnachtsverpackung f\u00fcr Preite, eine handwerkliche B\u00e4ckerei in Casarano in der Provinz Lecce (Puglia). Gestaltung und Produktion: IgiemmePhoto &amp; video: Noii studio<\/p>\n","protected":false},"author":2,"featured_media":2144,"menu_order":49,"template":"","meta":{"footnotes":""},"categories":[42],"tags":[],"class_list":["post-2164","project","type-project","status-publish","has-post-thumbnail","hentry","category-food-de"],"yoast_head":"<!-- This site is optimized with the Yoast SEO plugin v26.0 - https:\/\/yoast.com\/wordpress\/plugins\/seo\/ -->\n<title>Preite Box - Igiemme<\/title>\n<meta name=\"robots\" content=\"index, follow, max-snippet:-1, max-image-preview:large, max-video-preview:-1\" \/>\n<link rel=\"canonical\" href=\"https:\/\/igiemmepackaging.it\/de\/packaging\/preite-box\/\" \/>\n<meta property=\"og:locale\" content=\"de_DE\" \/>\n<meta property=\"og:type\" content=\"article\" \/>\n<meta property=\"og:title\" content=\"Preite Box - Igiemme\" \/>\n<meta property=\"og:description\" content=\"Box aus dickem Karton mit 4-Farben-Druck, matte Laminierung, UV-Pr\u00e4gung und Seilgriffe. 20x20x21 cm Weihnachtsverpackung f\u00fcr Preite, eine handwerkliche B\u00e4ckerei in Casarano in der Provinz Lecce (Puglia). Gestaltung und Produktion: IgiemmePhoto &amp; video: Noii studio\" \/>\n<meta property=\"og:url\" content=\"https:\/\/igiemmepackaging.it\/de\/packaging\/preite-box\/\" \/>\n<meta property=\"og:site_name\" content=\"Igiemme\" \/>\n<meta property=\"article:modified_time\" content=\"2023-12-12T10:52:59+00:00\" \/>\n<meta property=\"og:image\" content=\"https:\/\/igiemmepackaging.it\/wp-content\/uploads\/2023\/11\/01a.IG_pack-natale.jpg\" \/>\n\t<meta property=\"og:image:width\" content=\"1500\" \/>\n\t<meta property=\"og:image:height\" content=\"1500\" \/>\n\t<meta property=\"og:image:type\" content=\"image\/jpeg\" \/>\n<meta name=\"twitter:card\" content=\"summary_large_image\" \/>\n<meta name=\"twitter:label1\" content=\"Gesch\u00e4tzte Lesezeit\" \/>\n\t<meta name=\"twitter:data1\" content=\"1\u00a0Minute\" \/>\n<script type=\"application\/ld+json\" class=\"yoast-schema-graph\">{\"@context\":\"https:\/\/schema.org\",\"@graph\":[{\"@type\":\"WebPage\",\"@id\":\"https:\/\/igiemmepackaging.it\/de\/packaging\/preite-box\/\",\"url\":\"https:\/\/igiemmepackaging.it\/de\/packaging\/preite-box\/\",\"name\":\"Preite Box - Igiemme\",\"isPartOf\":{\"@id\":\"https:\/\/igiemmepackaging.it\/de\/#website\"},\"primaryImageOfPage\":{\"@id\":\"https:\/\/igiemmepackaging.it\/de\/packaging\/preite-box\/#primaryimage\"},\"image\":{\"@id\":\"https:\/\/igiemmepackaging.it\/de\/packaging\/preite-box\/#primaryimage\"},\"thumbnailUrl\":\"https:\/\/igiemmepackaging.it\/wp-content\/uploads\/2023\/11\/01a.IG_pack-natale.jpg\",\"datePublished\":\"2023-11-13T15:34:23+00:00\",\"dateModified\":\"2023-12-12T10:52:59+00:00\",\"breadcrumb\":{\"@id\":\"https:\/\/igiemmepackaging.it\/de\/packaging\/preite-box\/#breadcrumb\"},\"inLanguage\":\"de\",\"potentialAction\":[{\"@type\":\"ReadAction\",\"target\":[\"https:\/\/igiemmepackaging.it\/de\/packaging\/preite-box\/\"]}]},{\"@type\":\"ImageObject\",\"inLanguage\":\"de\",\"@id\":\"https:\/\/igiemmepackaging.it\/de\/packaging\/preite-box\/#primaryimage\",\"url\":\"https:\/\/igiemmepackaging.it\/wp-content\/uploads\/2023\/11\/01a.IG_pack-natale.jpg\",\"contentUrl\":\"https:\/\/igiemmepackaging.it\/wp-content\/uploads\/2023\/11\/01a.IG_pack-natale.jpg\",\"width\":1500,\"height\":1500},{\"@type\":\"BreadcrumbList\",\"@id\":\"https:\/\/igiemmepackaging.it\/de\/packaging\/preite-box\/#breadcrumb\",\"itemListElement\":[{\"@type\":\"ListItem\",\"position\":1,\"name\":\"Home\",\"item\":\"https:\/\/igiemmepackaging.it\/de\/\"},{\"@type\":\"ListItem\",\"position\":2,\"name\":\"Projects\",\"item\":\"https:\/\/igiemmepackaging.it\/de\/packaging\/\"},{\"@type\":\"ListItem\",\"position\":3,\"name\":\"Preite Box\"}]},{\"@type\":\"WebSite\",\"@id\":\"https:\/\/igiemmepackaging.it\/de\/#website\",\"url\":\"https:\/\/igiemmepackaging.it\/de\/\",\"name\":\"Igiemme\",\"description\":\"Packaging\",\"potentialAction\":[{\"@type\":\"SearchAction\",\"target\":{\"@type\":\"EntryPoint\",\"urlTemplate\":\"https:\/\/igiemmepackaging.it\/de\/?s={search_term_string}\"},\"query-input\":{\"@type\":\"PropertyValueSpecification\",\"valueRequired\":true,\"valueName\":\"search_term_string\"}}],\"inLanguage\":\"de\"}]}<\/script>\n<!-- \/ Yoast SEO plugin. -->","yoast_head_json":{"title":"Preite Box - Igiemme","robots":{"index":"index","follow":"follow","max-snippet":"max-snippet:-1","max-image-preview":"max-image-preview:large","max-video-preview":"max-video-preview:-1"},"canonical":"https:\/\/igiemmepackaging.it\/de\/packaging\/preite-box\/","og_locale":"de_DE","og_type":"article","og_title":"Preite Box - Igiemme","og_description":"Box aus dickem Karton mit 4-Farben-Druck, matte Laminierung, UV-Pr\u00e4gung und Seilgriffe. 20x20x21 cm Weihnachtsverpackung f\u00fcr Preite, eine handwerkliche B\u00e4ckerei in Casarano in der Provinz Lecce (Puglia). Gestaltung und Produktion: IgiemmePhoto &amp; video: Noii studio","og_url":"https:\/\/igiemmepackaging.it\/de\/packaging\/preite-box\/","og_site_name":"Igiemme","article_modified_time":"2023-12-12T10:52:59+00:00","og_image":[{"width":1500,"height":1500,"url":"https:\/\/igiemmepackaging.it\/wp-content\/uploads\/2023\/11\/01a.IG_pack-natale.jpg","type":"image\/jpeg"}],"twitter_card":"summary_large_image","twitter_misc":{"Gesch\u00e4tzte Lesezeit":"1\u00a0Minute"},"schema":{"@context":"https:\/\/schema.org","@graph":[{"@type":"WebPage","@id":"https:\/\/igiemmepackaging.it\/de\/packaging\/preite-box\/","url":"https:\/\/igiemmepackaging.it\/de\/packaging\/preite-box\/","name":"Preite Box - Igiemme","isPartOf":{"@id":"https:\/\/igiemmepackaging.it\/de\/#website"},"primaryImageOfPage":{"@id":"https:\/\/igiemmepackaging.it\/de\/packaging\/preite-box\/#primaryimage"},"image":{"@id":"https:\/\/igiemmepackaging.it\/de\/packaging\/preite-box\/#primaryimage"},"thumbnailUrl":"https:\/\/igiemmepackaging.it\/wp-content\/uploads\/2023\/11\/01a.IG_pack-natale.jpg","datePublished":"2023-11-13T15:34:23+00:00","dateModified":"2023-12-12T10:52:59+00:00","breadcrumb":{"@id":"https:\/\/igiemmepackaging.it\/de\/packaging\/preite-box\/#breadcrumb"},"inLanguage":"de","potentialAction":[{"@type":"ReadAction","target":["https:\/\/igiemmepackaging.it\/de\/packaging\/preite-box\/"]}]},{"@type":"ImageObject","inLanguage":"de","@id":"https:\/\/igiemmepackaging.it\/de\/packaging\/preite-box\/#primaryimage","url":"https:\/\/igiemmepackaging.it\/wp-content\/uploads\/2023\/11\/01a.IG_pack-natale.jpg","contentUrl":"https:\/\/igiemmepackaging.it\/wp-content\/uploads\/2023\/11\/01a.IG_pack-natale.jpg","width":1500,"height":1500},{"@type":"BreadcrumbList","@id":"https:\/\/igiemmepackaging.it\/de\/packaging\/preite-box\/#breadcrumb","itemListElement":[{"@type":"ListItem","position":1,"name":"Home","item":"https:\/\/igiemmepackaging.it\/de\/"},{"@type":"ListItem","position":2,"name":"Projects","item":"https:\/\/igiemmepackaging.it\/de\/packaging\/"},{"@type":"ListItem","position":3,"name":"Preite Box"}]},{"@type":"WebSite","@id":"https:\/\/igiemmepackaging.it\/de\/#website","url":"https:\/\/igiemmepackaging.it\/de\/","name":"Igiemme","description":"Packaging","potentialAction":[{"@type":"SearchAction","target":{"@type":"EntryPoint","urlTemplate":"https:\/\/igiemmepackaging.it\/de\/?s={search_term_string}"},"query-input":{"@type":"PropertyValueSpecification","valueRequired":true,"valueName":"search_term_string"}}],"inLanguage":"de"}]}},"acf":[],"_links":{"self":[{"href":"https:\/\/igiemmepackaging.it\/de\/wp-json\/wp\/v2\/project\/2164","targetHints":{"allow":["GET"]}}],"collection":[{"href":"https:\/\/igiemmepackaging.it\/de\/wp-json\/wp\/v2\/project"}],"about":[{"href":"https:\/\/igiemmepackaging.it\/de\/wp-json\/wp\/v2\/types\/project"}],"author":[{"embeddable":true,"href":"https:\/\/igiemmepackaging.it\/de\/wp-json\/wp\/v2\/users\/2"}],"version-history":[{"count":2,"href":"https:\/\/igiemmepackaging.it\/de\/wp-json\/wp\/v2\/project\/2164\/revisions"}],"predecessor-version":[{"id":2242,"href":"https:\/\/igiemmepackaging.it\/de\/wp-json\/wp\/v2\/project\/2164\/revisions\/2242"}],"wp:featuredmedia":[{"embeddable":true,"href":"https:\/\/igiemmepackaging.it\/de\/wp-json\/wp\/v2\/media\/2144"}],"wp:attachment":[{"href":"https:\/\/igiemmepackaging.it\/de\/wp-json\/wp\/v2\/media?parent=2164"}],"wp:term":[{"taxonomy":"category","embeddable":true,"href":"https:\/\/igiemmepackaging.it\/de\/wp-json\/wp\/v2\/categories?post=2164"},{"taxonomy":"post_tag","embeddable":true,"href":"https:\/\/igiemmepackaging.it\/de\/wp-json\/wp\/v2\/tags?post=2164"}],"curies":[{"name":"wp","href":"https:\/\/api.w.org\/{rel}","templated":true}]}}