{"id":2224,"date":"2023-12-04T10:19:26","date_gmt":"2023-12-04T09:19:26","guid":{"rendered":"https:\/\/igiemmepackaging.it\/packaging\/preite\/"},"modified":"2023-12-04T11:32:27","modified_gmt":"2023-12-04T10:32:27","slug":"preite","status":"publish","type":"project","link":"https:\/\/igiemmepackaging.it\/de\/packaging\/preite\/","title":{"rendered":"Preite"},"content":{"rendered":"\n<div class=\"wp-block-columns\">\n<div class=\"wp-block-column\">\n<p>4-farbig bedruckte Keksschachtel mit Lack und hei\u00dfgegossenem Gold.<\/p>\n\n\n\n<p>20x20x21 cm<\/p>\n\n\n\n<p>Verpackung f\u00fcr Preite, eine handwerkliche B\u00e4ckerei in Casarano in der Provinz Lecce (Apulien).<\/p>\n\n\n\n<p>Gestaltung und Produktion: Igiemme<br>Photo &amp; video: Noii studio<\/p>\n<\/div>\n\n\n\n<div class=\"wp-block-column\"><aside id=\"banner-contact-block_656d993f1af1a\" class=\"banner-contact\">\n    <h4>\n        M\u00f6chten Sie weitere Informationen zu diesem Produkt?    <\/h4>\n    <a class=\"scroll-to btn btn-outline-dark\" data-bs-toggle=\"collapse\" href=\"#collapseContactform\" aria-expanded=\"false\" aria-controls=\"collapseContactform\">Kontaktiere uns<\/a>\n<\/aside>\n<\/div>\n<\/div>\n\n\n\n<div style=\"height:100px\" aria-hidden=\"true\" class=\"wp-block-spacer\"><\/div>\n\n\n\n<figure class=\"wp-block-gallery has-nested-images columns-2 is-cropped wp-block-gallery-1 is-layout-flex wp-block-gallery-is-layout-flex\">\n<figure class=\"wp-block-image size-large\"><img loading=\"lazy\" decoding=\"async\" width=\"1024\" height=\"1024\" data-id=\"2190\" src=\"https:\/\/igiemmepackaging.it\/wp-content\/uploads\/2023\/12\/05a.IG_pack-preite-biscotti-1024x1024.jpg\" alt=\"\" class=\"wp-image-2190\" srcset=\"https:\/\/igiemmepackaging.it\/wp-content\/uploads\/2023\/12\/05a.IG_pack-preite-biscotti-1024x1024.jpg 1024w, https:\/\/igiemmepackaging.it\/wp-content\/uploads\/2023\/12\/05a.IG_pack-preite-biscotti-300x300.jpg 300w, https:\/\/igiemmepackaging.it\/wp-content\/uploads\/2023\/12\/05a.IG_pack-preite-biscotti-150x150.jpg 150w, https:\/\/igiemmepackaging.it\/wp-content\/uploads\/2023\/12\/05a.IG_pack-preite-biscotti-768x768.jpg 768w, https:\/\/igiemmepackaging.it\/wp-content\/uploads\/2023\/12\/05a.IG_pack-preite-biscotti-125x125.jpg 125w, https:\/\/igiemmepackaging.it\/wp-content\/uploads\/2023\/12\/05a.IG_pack-preite-biscotti.jpg 1080w\" sizes=\"auto, (max-width: 1024px) 100vw, 1024px\" \/><\/figure>\n\n\n\n<figure class=\"wp-block-image size-large\"><img loading=\"lazy\" decoding=\"async\" width=\"1024\" height=\"1024\" data-id=\"2194\" src=\"https:\/\/igiemmepackaging.it\/wp-content\/uploads\/2023\/12\/05b.IG_pack-preite-biscotti-1024x1024.jpg\" alt=\"\" class=\"wp-image-2194\" srcset=\"https:\/\/igiemmepackaging.it\/wp-content\/uploads\/2023\/12\/05b.IG_pack-preite-biscotti-1024x1024.jpg 1024w, https:\/\/igiemmepackaging.it\/wp-content\/uploads\/2023\/12\/05b.IG_pack-preite-biscotti-300x300.jpg 300w, https:\/\/igiemmepackaging.it\/wp-content\/uploads\/2023\/12\/05b.IG_pack-preite-biscotti-150x150.jpg 150w, https:\/\/igiemmepackaging.it\/wp-content\/uploads\/2023\/12\/05b.IG_pack-preite-biscotti-768x768.jpg 768w, https:\/\/igiemmepackaging.it\/wp-content\/uploads\/2023\/12\/05b.IG_pack-preite-biscotti-125x125.jpg 125w, https:\/\/igiemmepackaging.it\/wp-content\/uploads\/2023\/12\/05b.IG_pack-preite-biscotti.jpg 1080w\" sizes=\"auto, (max-width: 1024px) 100vw, 1024px\" \/><\/figure>\n\n\n\n<figure class=\"wp-block-image size-large\"><img loading=\"lazy\" decoding=\"async\" width=\"1024\" height=\"1024\" data-id=\"2198\" src=\"https:\/\/igiemmepackaging.it\/wp-content\/uploads\/2023\/12\/05c.IG_pack-preite-biscotti-1024x1024.jpg\" alt=\"\" class=\"wp-image-2198\" srcset=\"https:\/\/igiemmepackaging.it\/wp-content\/uploads\/2023\/12\/05c.IG_pack-preite-biscotti-1024x1024.jpg 1024w, https:\/\/igiemmepackaging.it\/wp-content\/uploads\/2023\/12\/05c.IG_pack-preite-biscotti-300x300.jpg 300w, https:\/\/igiemmepackaging.it\/wp-content\/uploads\/2023\/12\/05c.IG_pack-preite-biscotti-150x150.jpg 150w, https:\/\/igiemmepackaging.it\/wp-content\/uploads\/2023\/12\/05c.IG_pack-preite-biscotti-768x768.jpg 768w, https:\/\/igiemmepackaging.it\/wp-content\/uploads\/2023\/12\/05c.IG_pack-preite-biscotti-125x125.jpg 125w, https:\/\/igiemmepackaging.it\/wp-content\/uploads\/2023\/12\/05c.IG_pack-preite-biscotti.jpg 1080w\" sizes=\"auto, (max-width: 1024px) 100vw, 1024px\" \/><\/figure>\n\n\n\n<figure class=\"wp-block-image size-large\"><img loading=\"lazy\" decoding=\"async\" width=\"1024\" height=\"1024\" data-id=\"2202\" src=\"https:\/\/igiemmepackaging.it\/wp-content\/uploads\/2023\/12\/05d.IG_pack-preite-biscotti-1024x1024.jpg\" alt=\"\" class=\"wp-image-2202\" srcset=\"https:\/\/igiemmepackaging.it\/wp-content\/uploads\/2023\/12\/05d.IG_pack-preite-biscotti-1024x1024.jpg 1024w, https:\/\/igiemmepackaging.it\/wp-content\/uploads\/2023\/12\/05d.IG_pack-preite-biscotti-300x300.jpg 300w, https:\/\/igiemmepackaging.it\/wp-content\/uploads\/2023\/12\/05d.IG_pack-preite-biscotti-150x150.jpg 150w, https:\/\/igiemmepackaging.it\/wp-content\/uploads\/2023\/12\/05d.IG_pack-preite-biscotti-768x768.jpg 768w, https:\/\/igiemmepackaging.it\/wp-content\/uploads\/2023\/12\/05d.IG_pack-preite-biscotti-125x125.jpg 125w, https:\/\/igiemmepackaging.it\/wp-content\/uploads\/2023\/12\/05d.IG_pack-preite-biscotti.jpg 1080w\" sizes=\"auto, (max-width: 1024px) 100vw, 1024px\" \/><\/figure>\n<\/figure>\n\n\n\n<div class=\"wp-block-columns\">\n<div class=\"wp-block-column\">\n<figure class=\"wp-block-video\"><video height=\"1080\" style=\"aspect-ratio: 1080 \/ 1080;\" width=\"1080\" controls=\"\" src=\"https:\/\/igiemmepackaging.it\/wp-content\/uploads\/2023\/12\/Preite.mp4\"><\/video><\/figure>\n<\/div>\n\n\n\n<div class=\"wp-block-column\"><\/div>\n<\/div>\n","protected":false},"excerpt":{"rendered":"<p>4-farbig bedruckte Keksschachtel mit Lack und hei\u00dfgegossenem Gold. 20x20x21 cm Verpackung f\u00fcr Preite, eine handwerkliche B\u00e4ckerei in Casarano in der Provinz Lecce (Apulien). Gestaltung und Produktion: IgiemmePhoto &amp; video: Noii studio<\/p>\n","protected":false},"author":2,"featured_media":2193,"menu_order":44,"template":"","meta":{"footnotes":""},"categories":[42],"tags":[],"class_list":["post-2224","project","type-project","status-publish","has-post-thumbnail","hentry","category-food-de"],"yoast_head":"<!-- This site is optimized with the Yoast SEO plugin v26.0 - https:\/\/yoast.com\/wordpress\/plugins\/seo\/ -->\n<title>Preite - Igiemme<\/title>\n<meta name=\"description\" content=\"Verpackung f\u00fcr Preite, eine handwerkliche B\u00e4ckerei in Casarano in der Provinz Lecce (Apulien).\" \/>\n<meta name=\"robots\" content=\"index, follow, max-snippet:-1, max-image-preview:large, max-video-preview:-1\" \/>\n<link rel=\"canonical\" href=\"https:\/\/igiemmepackaging.it\/de\/packaging\/preite\/\" \/>\n<meta property=\"og:locale\" content=\"de_DE\" \/>\n<meta property=\"og:type\" content=\"article\" \/>\n<meta property=\"og:title\" content=\"Preite - Igiemme\" \/>\n<meta property=\"og:description\" content=\"Verpackung f\u00fcr Preite, eine handwerkliche B\u00e4ckerei in Casarano in der Provinz Lecce (Apulien).\" \/>\n<meta property=\"og:url\" content=\"https:\/\/igiemmepackaging.it\/de\/packaging\/preite\/\" \/>\n<meta property=\"og:site_name\" content=\"Igiemme\" \/>\n<meta property=\"article:modified_time\" content=\"2023-12-04T10:32:27+00:00\" \/>\n<meta property=\"og:image\" content=\"https:\/\/igiemmepackaging.it\/wp-content\/uploads\/2023\/12\/05a.IG_pack-preite-biscotti.jpg\" \/>\n\t<meta property=\"og:image:width\" content=\"1080\" \/>\n\t<meta property=\"og:image:height\" content=\"1080\" \/>\n\t<meta property=\"og:image:type\" content=\"image\/jpeg\" \/>\n<meta name=\"twitter:card\" content=\"summary_large_image\" \/>\n<script type=\"application\/ld+json\" class=\"yoast-schema-graph\">{\"@context\":\"https:\/\/schema.org\",\"@graph\":[{\"@type\":\"WebPage\",\"@id\":\"https:\/\/igiemmepackaging.it\/de\/packaging\/preite\/\",\"url\":\"https:\/\/igiemmepackaging.it\/de\/packaging\/preite\/\",\"name\":\"Preite - Igiemme\",\"isPartOf\":{\"@id\":\"https:\/\/igiemmepackaging.it\/de\/#website\"},\"primaryImageOfPage\":{\"@id\":\"https:\/\/igiemmepackaging.it\/de\/packaging\/preite\/#primaryimage\"},\"image\":{\"@id\":\"https:\/\/igiemmepackaging.it\/de\/packaging\/preite\/#primaryimage\"},\"thumbnailUrl\":\"https:\/\/igiemmepackaging.it\/wp-content\/uploads\/2023\/12\/05a.IG_pack-preite-biscotti.jpg\",\"datePublished\":\"2023-12-04T09:19:26+00:00\",\"dateModified\":\"2023-12-04T10:32:27+00:00\",\"description\":\"Verpackung f\u00fcr Preite, eine handwerkliche B\u00e4ckerei in Casarano in der Provinz Lecce (Apulien).\",\"breadcrumb\":{\"@id\":\"https:\/\/igiemmepackaging.it\/de\/packaging\/preite\/#breadcrumb\"},\"inLanguage\":\"de\",\"potentialAction\":[{\"@type\":\"ReadAction\",\"target\":[\"https:\/\/igiemmepackaging.it\/de\/packaging\/preite\/\"]}]},{\"@type\":\"ImageObject\",\"inLanguage\":\"de\",\"@id\":\"https:\/\/igiemmepackaging.it\/de\/packaging\/preite\/#primaryimage\",\"url\":\"https:\/\/igiemmepackaging.it\/wp-content\/uploads\/2023\/12\/05a.IG_pack-preite-biscotti.jpg\",\"contentUrl\":\"https:\/\/igiemmepackaging.it\/wp-content\/uploads\/2023\/12\/05a.IG_pack-preite-biscotti.jpg\",\"width\":1080,\"height\":1080},{\"@type\":\"BreadcrumbList\",\"@id\":\"https:\/\/igiemmepackaging.it\/de\/packaging\/preite\/#breadcrumb\",\"itemListElement\":[{\"@type\":\"ListItem\",\"position\":1,\"name\":\"Home\",\"item\":\"https:\/\/igiemmepackaging.it\/de\/\"},{\"@type\":\"ListItem\",\"position\":2,\"name\":\"Projects\",\"item\":\"https:\/\/igiemmepackaging.it\/de\/packaging\/\"},{\"@type\":\"ListItem\",\"position\":3,\"name\":\"Preite\"}]},{\"@type\":\"WebSite\",\"@id\":\"https:\/\/igiemmepackaging.it\/de\/#website\",\"url\":\"https:\/\/igiemmepackaging.it\/de\/\",\"name\":\"Igiemme\",\"description\":\"Packaging\",\"potentialAction\":[{\"@type\":\"SearchAction\",\"target\":{\"@type\":\"EntryPoint\",\"urlTemplate\":\"https:\/\/igiemmepackaging.it\/de\/?s={search_term_string}\"},\"query-input\":{\"@type\":\"PropertyValueSpecification\",\"valueRequired\":true,\"valueName\":\"search_term_string\"}}],\"inLanguage\":\"de\"}]}<\/script>\n<!-- \/ Yoast SEO plugin. -->","yoast_head_json":{"title":"Preite - Igiemme","description":"Verpackung f\u00fcr Preite, eine handwerkliche B\u00e4ckerei in Casarano in der Provinz Lecce (Apulien).","robots":{"index":"index","follow":"follow","max-snippet":"max-snippet:-1","max-image-preview":"max-image-preview:large","max-video-preview":"max-video-preview:-1"},"canonical":"https:\/\/igiemmepackaging.it\/de\/packaging\/preite\/","og_locale":"de_DE","og_type":"article","og_title":"Preite - Igiemme","og_description":"Verpackung f\u00fcr Preite, eine handwerkliche B\u00e4ckerei in Casarano in der Provinz Lecce (Apulien).","og_url":"https:\/\/igiemmepackaging.it\/de\/packaging\/preite\/","og_site_name":"Igiemme","article_modified_time":"2023-12-04T10:32:27+00:00","og_image":[{"width":1080,"height":1080,"url":"https:\/\/igiemmepackaging.it\/wp-content\/uploads\/2023\/12\/05a.IG_pack-preite-biscotti.jpg","type":"image\/jpeg"}],"twitter_card":"summary_large_image","schema":{"@context":"https:\/\/schema.org","@graph":[{"@type":"WebPage","@id":"https:\/\/igiemmepackaging.it\/de\/packaging\/preite\/","url":"https:\/\/igiemmepackaging.it\/de\/packaging\/preite\/","name":"Preite - Igiemme","isPartOf":{"@id":"https:\/\/igiemmepackaging.it\/de\/#website"},"primaryImageOfPage":{"@id":"https:\/\/igiemmepackaging.it\/de\/packaging\/preite\/#primaryimage"},"image":{"@id":"https:\/\/igiemmepackaging.it\/de\/packaging\/preite\/#primaryimage"},"thumbnailUrl":"https:\/\/igiemmepackaging.it\/wp-content\/uploads\/2023\/12\/05a.IG_pack-preite-biscotti.jpg","datePublished":"2023-12-04T09:19:26+00:00","dateModified":"2023-12-04T10:32:27+00:00","description":"Verpackung f\u00fcr Preite, eine handwerkliche B\u00e4ckerei in Casarano in der Provinz Lecce (Apulien).","breadcrumb":{"@id":"https:\/\/igiemmepackaging.it\/de\/packaging\/preite\/#breadcrumb"},"inLanguage":"de","potentialAction":[{"@type":"ReadAction","target":["https:\/\/igiemmepackaging.it\/de\/packaging\/preite\/"]}]},{"@type":"ImageObject","inLanguage":"de","@id":"https:\/\/igiemmepackaging.it\/de\/packaging\/preite\/#primaryimage","url":"https:\/\/igiemmepackaging.it\/wp-content\/uploads\/2023\/12\/05a.IG_pack-preite-biscotti.jpg","contentUrl":"https:\/\/igiemmepackaging.it\/wp-content\/uploads\/2023\/12\/05a.IG_pack-preite-biscotti.jpg","width":1080,"height":1080},{"@type":"BreadcrumbList","@id":"https:\/\/igiemmepackaging.it\/de\/packaging\/preite\/#breadcrumb","itemListElement":[{"@type":"ListItem","position":1,"name":"Home","item":"https:\/\/igiemmepackaging.it\/de\/"},{"@type":"ListItem","position":2,"name":"Projects","item":"https:\/\/igiemmepackaging.it\/de\/packaging\/"},{"@type":"ListItem","position":3,"name":"Preite"}]},{"@type":"WebSite","@id":"https:\/\/igiemmepackaging.it\/de\/#website","url":"https:\/\/igiemmepackaging.it\/de\/","name":"Igiemme","description":"Packaging","potentialAction":[{"@type":"SearchAction","target":{"@type":"EntryPoint","urlTemplate":"https:\/\/igiemmepackaging.it\/de\/?s={search_term_string}"},"query-input":{"@type":"PropertyValueSpecification","valueRequired":true,"valueName":"search_term_string"}}],"inLanguage":"de"}]}},"acf":[],"_links":{"self":[{"href":"https:\/\/igiemmepackaging.it\/de\/wp-json\/wp\/v2\/project\/2224","targetHints":{"allow":["GET"]}}],"collection":[{"href":"https:\/\/igiemmepackaging.it\/de\/wp-json\/wp\/v2\/project"}],"about":[{"href":"https:\/\/igiemmepackaging.it\/de\/wp-json\/wp\/v2\/types\/project"}],"author":[{"embeddable":true,"href":"https:\/\/igiemmepackaging.it\/de\/wp-json\/wp\/v2\/users\/2"}],"version-history":[{"count":1,"href":"https:\/\/igiemmepackaging.it\/de\/wp-json\/wp\/v2\/project\/2224\/revisions"}],"predecessor-version":[{"id":2225,"href":"https:\/\/igiemmepackaging.it\/de\/wp-json\/wp\/v2\/project\/2224\/revisions\/2225"}],"wp:featuredmedia":[{"embeddable":true,"href":"https:\/\/igiemmepackaging.it\/de\/wp-json\/wp\/v2\/media\/2193"}],"wp:attachment":[{"href":"https:\/\/igiemmepackaging.it\/de\/wp-json\/wp\/v2\/media?parent=2224"}],"wp:term":[{"taxonomy":"category","embeddable":true,"href":"https:\/\/igiemmepackaging.it\/de\/wp-json\/wp\/v2\/categories?post=2224"},{"taxonomy":"post_tag","embeddable":true,"href":"https:\/\/igiemmepackaging.it\/de\/wp-json\/wp\/v2\/tags?post=2224"}],"curies":[{"name":"wp","href":"https:\/\/api.w.org\/{rel}","templated":true}]}}