{"id":2969,"date":"2025-05-09T17:52:54","date_gmt":"2025-05-09T15:52:54","guid":{"rendered":"https:\/\/igiemmepackaging.it\/packaging\/primoljo-panmosto\/"},"modified":"2025-07-25T16:07:23","modified_gmt":"2025-07-25T14:07:23","slug":"primoljo-panmosto","status":"publish","type":"project","link":"https:\/\/igiemmepackaging.it\/de\/packaging\/primoljo-panmosto\/","title":{"rendered":"Primoljo PanMosto"},"content":{"rendered":"\n<div class=\"wp-block-columns\">\n<div class=\"wp-block-column\">\n<p>Schachtel aus Boden und Deckel, kaschiert mit Spezialpapier, siebgedruckt mit erhabenem UV-Lack und Hei\u00dffolienpr\u00e4gung in Gold.<\/p>\n\n\n\n<p>Format: 20,5 x 20,5 x 20,5 cm, inklusive innere Klappe aus goldkaschiertem Karton und Einsatz aus Mikrowelle.<\/p>\n\n\n\n<p>Verpackung f\u00fcr Flaschen mit nativem Oliven\u00f6l extra, entwickelt f\u00fcr <strong><a href=\"https:\/\/primoljo.com\">Primoljo<\/a><\/strong>, ein Oliven\u00f6lunternehmen mit Sitz in Casarano, in der Provinz Lecce (Apulien, Italien).<\/p>\n\n\n\n<p>Gestaltung und produktion: Igiemme<br>Photo video: Noii studio<\/p>\n<\/div>\n\n\n\n<div class=\"wp-block-column\"><aside id=\"banner-contact-block_681e21c809b98\" class=\"banner-contact\">\n    <h4>\n        M\u00f6chten Sie weitere Informationen zu diesem Produkt?    <\/h4>\n    <a class=\"scroll-to btn btn-outline-dark\" data-bs-toggle=\"collapse\" href=\"#collapseContactform\" aria-expanded=\"false\" aria-controls=\"collapseContactform\">Kontaktiere uns<\/a>\n<\/aside>\n<\/div>\n<\/div>\n\n\n\n<div style=\"height:100px\" aria-hidden=\"true\" class=\"wp-block-spacer\"><\/div>\n\n\n\n<figure class=\"wp-block-gallery has-nested-images columns-2 is-cropped wp-block-gallery-1 is-layout-flex wp-block-gallery-is-layout-flex\">\n<figure class=\"wp-block-image size-large\"><img loading=\"lazy\" decoding=\"async\" width=\"1024\" height=\"1024\" data-id=\"2892\" src=\"https:\/\/igiemmepackaging.it\/wp-content\/uploads\/2025\/05\/03.igiemme_primoljo_panmosto-1024x1024.jpg\" alt=\"\" class=\"wp-image-2892\" srcset=\"https:\/\/igiemmepackaging.it\/wp-content\/uploads\/2025\/05\/03.igiemme_primoljo_panmosto-1024x1024.jpg 1024w, https:\/\/igiemmepackaging.it\/wp-content\/uploads\/2025\/05\/03.igiemme_primoljo_panmosto-300x300.jpg 300w, https:\/\/igiemmepackaging.it\/wp-content\/uploads\/2025\/05\/03.igiemme_primoljo_panmosto-150x150.jpg 150w, https:\/\/igiemmepackaging.it\/wp-content\/uploads\/2025\/05\/03.igiemme_primoljo_panmosto-768x768.jpg 768w, https:\/\/igiemmepackaging.it\/wp-content\/uploads\/2025\/05\/03.igiemme_primoljo_panmosto-125x125.jpg 125w\" sizes=\"auto, (max-width: 1024px) 100vw, 1024px\" \/><\/figure>\n\n\n\n<figure class=\"wp-block-image size-large\"><img loading=\"lazy\" decoding=\"async\" width=\"1024\" height=\"1024\" data-id=\"2886\" src=\"https:\/\/igiemmepackaging.it\/wp-content\/uploads\/2025\/05\/01.igiemme_primoljo_panmosto-1024x1024.jpg\" alt=\"\" class=\"wp-image-2886\" srcset=\"https:\/\/igiemmepackaging.it\/wp-content\/uploads\/2025\/05\/01.igiemme_primoljo_panmosto-1024x1024.jpg 1024w, https:\/\/igiemmepackaging.it\/wp-content\/uploads\/2025\/05\/01.igiemme_primoljo_panmosto-300x300.jpg 300w, https:\/\/igiemmepackaging.it\/wp-content\/uploads\/2025\/05\/01.igiemme_primoljo_panmosto-150x150.jpg 150w, https:\/\/igiemmepackaging.it\/wp-content\/uploads\/2025\/05\/01.igiemme_primoljo_panmosto-768x768.jpg 768w, https:\/\/igiemmepackaging.it\/wp-content\/uploads\/2025\/05\/01.igiemme_primoljo_panmosto-125x125.jpg 125w\" sizes=\"auto, (max-width: 1024px) 100vw, 1024px\" \/><\/figure>\n\n\n\n<figure class=\"wp-block-image size-large\"><img loading=\"lazy\" decoding=\"async\" width=\"1024\" height=\"1024\" data-id=\"2890\" src=\"https:\/\/igiemmepackaging.it\/wp-content\/uploads\/2025\/05\/02.igiemme_primoljo_panmosto-1024x1024.jpg\" alt=\"\" class=\"wp-image-2890\" srcset=\"https:\/\/igiemmepackaging.it\/wp-content\/uploads\/2025\/05\/02.igiemme_primoljo_panmosto-1024x1024.jpg 1024w, https:\/\/igiemmepackaging.it\/wp-content\/uploads\/2025\/05\/02.igiemme_primoljo_panmosto-300x300.jpg 300w, https:\/\/igiemmepackaging.it\/wp-content\/uploads\/2025\/05\/02.igiemme_primoljo_panmosto-150x150.jpg 150w, https:\/\/igiemmepackaging.it\/wp-content\/uploads\/2025\/05\/02.igiemme_primoljo_panmosto-768x768.jpg 768w, https:\/\/igiemmepackaging.it\/wp-content\/uploads\/2025\/05\/02.igiemme_primoljo_panmosto-125x125.jpg 125w\" sizes=\"auto, (max-width: 1024px) 100vw, 1024px\" \/><\/figure>\n\n\n\n<figure class=\"wp-block-image size-large\"><img loading=\"lazy\" decoding=\"async\" width=\"1024\" height=\"1024\" data-id=\"2896\" src=\"https:\/\/igiemmepackaging.it\/wp-content\/uploads\/2025\/05\/04.igiemme_primoljo_panmosto-1024x1024.jpg\" alt=\"\" class=\"wp-image-2896\" srcset=\"https:\/\/igiemmepackaging.it\/wp-content\/uploads\/2025\/05\/04.igiemme_primoljo_panmosto-1024x1024.jpg 1024w, https:\/\/igiemmepackaging.it\/wp-content\/uploads\/2025\/05\/04.igiemme_primoljo_panmosto-300x300.jpg 300w, https:\/\/igiemmepackaging.it\/wp-content\/uploads\/2025\/05\/04.igiemme_primoljo_panmosto-150x150.jpg 150w, https:\/\/igiemmepackaging.it\/wp-content\/uploads\/2025\/05\/04.igiemme_primoljo_panmosto-768x768.jpg 768w, https:\/\/igiemmepackaging.it\/wp-content\/uploads\/2025\/05\/04.igiemme_primoljo_panmosto-125x125.jpg 125w\" sizes=\"auto, (max-width: 1024px) 100vw, 1024px\" \/><\/figure>\n<\/figure>\n\n\n\n<div class=\"wp-block-columns\">\n<div class=\"wp-block-column\">\n<figure class=\"wp-block-video\"><video height=\"1080\" style=\"aspect-ratio: 1080 \/ 1080;\" width=\"1080\" controls=\"\" src=\"https:\/\/igiemmepackaging.it\/wp-content\/uploads\/2025\/05\/primojo-panettone-1-1.mp4\"><\/video><\/figure>\n<\/div>\n\n\n\n<div class=\"wp-block-column\"><\/div>\n<\/div>\n","protected":false},"excerpt":{"rendered":"<p>Schachtel aus Boden und Deckel, kaschiert mit Spezialpapier, siebgedruckt mit erhabenem UV-Lack und Hei\u00dffolienpr\u00e4gung in Gold. Format: 20,5 x 20,5 x 20,5 cm, inklusive innere Klappe aus goldkaschiertem Karton und Einsatz aus Mikrowelle. Verpackung f\u00fcr Flaschen mit nativem Oliven\u00f6l extra, entwickelt f\u00fcr Primoljo, ein Oliven\u00f6lunternehmen mit Sitz in Casarano, in der Provinz Lecce (Apulien, Italien). [&hellip;]<\/p>\n","protected":false},"author":2,"featured_media":2899,"menu_order":4,"template":"","meta":{"footnotes":""},"categories":[57],"tags":[],"class_list":["post-2969","project","type-project","status-publish","has-post-thumbnail","hentry","category-olive-oil-de"],"yoast_head":"<!-- This site is optimized with the Yoast SEO plugin v26.0 - https:\/\/yoast.com\/wordpress\/plugins\/seo\/ -->\n<title>Primoljo PanMosto - Igiemme<\/title>\n<meta name=\"description\" content=\"Verpackung f\u00fcr Flaschen mit nativem Oliven\u00f6l extra, entwickelt f\u00fcr Primoljo, ein Oliven\u00f6lunternehmen mit Sitz in Casarano, in der Provinz Lecce (Italien).\" \/>\n<meta name=\"robots\" content=\"index, follow, max-snippet:-1, max-image-preview:large, max-video-preview:-1\" \/>\n<link rel=\"canonical\" href=\"https:\/\/igiemmepackaging.it\/de\/packaging\/primoljo-panmosto\/\" \/>\n<meta property=\"og:locale\" content=\"de_DE\" \/>\n<meta property=\"og:type\" content=\"article\" \/>\n<meta property=\"og:title\" content=\"Primoljo PanMosto - Igiemme\" \/>\n<meta property=\"og:description\" content=\"Verpackung f\u00fcr Flaschen mit nativem Oliven\u00f6l extra, entwickelt f\u00fcr Primoljo, ein Oliven\u00f6lunternehmen mit Sitz in Casarano, in der Provinz Lecce (Italien).\" \/>\n<meta property=\"og:url\" content=\"https:\/\/igiemmepackaging.it\/de\/packaging\/primoljo-panmosto\/\" \/>\n<meta property=\"og:site_name\" content=\"Igiemme\" \/>\n<meta property=\"article:modified_time\" content=\"2025-07-25T14:07:23+00:00\" \/>\n<meta property=\"og:image\" content=\"https:\/\/igiemmepackaging.it\/wp-content\/uploads\/2025\/05\/03.igiemme_primoljo_panmosto-scaled.jpg\" \/>\n\t<meta property=\"og:image:width\" content=\"2560\" \/>\n\t<meta property=\"og:image:height\" content=\"2560\" \/>\n\t<meta property=\"og:image:type\" content=\"image\/jpeg\" \/>\n<meta name=\"twitter:card\" content=\"summary_large_image\" \/>\n<script type=\"application\/ld+json\" class=\"yoast-schema-graph\">{\"@context\":\"https:\/\/schema.org\",\"@graph\":[{\"@type\":\"WebPage\",\"@id\":\"https:\/\/igiemmepackaging.it\/de\/packaging\/primoljo-panmosto\/\",\"url\":\"https:\/\/igiemmepackaging.it\/de\/packaging\/primoljo-panmosto\/\",\"name\":\"Primoljo PanMosto - Igiemme\",\"isPartOf\":{\"@id\":\"https:\/\/igiemmepackaging.it\/de\/#website\"},\"primaryImageOfPage\":{\"@id\":\"https:\/\/igiemmepackaging.it\/de\/packaging\/primoljo-panmosto\/#primaryimage\"},\"image\":{\"@id\":\"https:\/\/igiemmepackaging.it\/de\/packaging\/primoljo-panmosto\/#primaryimage\"},\"thumbnailUrl\":\"https:\/\/igiemmepackaging.it\/wp-content\/uploads\/2025\/05\/03.igiemme_primoljo_panmosto-scaled.jpg\",\"datePublished\":\"2025-05-09T15:52:54+00:00\",\"dateModified\":\"2025-07-25T14:07:23+00:00\",\"description\":\"Verpackung f\u00fcr Flaschen mit nativem Oliven\u00f6l extra, entwickelt f\u00fcr Primoljo, ein Oliven\u00f6lunternehmen mit Sitz in Casarano, in der Provinz Lecce (Italien).\",\"breadcrumb\":{\"@id\":\"https:\/\/igiemmepackaging.it\/de\/packaging\/primoljo-panmosto\/#breadcrumb\"},\"inLanguage\":\"de\",\"potentialAction\":[{\"@type\":\"ReadAction\",\"target\":[\"https:\/\/igiemmepackaging.it\/de\/packaging\/primoljo-panmosto\/\"]}]},{\"@type\":\"ImageObject\",\"inLanguage\":\"de\",\"@id\":\"https:\/\/igiemmepackaging.it\/de\/packaging\/primoljo-panmosto\/#primaryimage\",\"url\":\"https:\/\/igiemmepackaging.it\/wp-content\/uploads\/2025\/05\/03.igiemme_primoljo_panmosto-scaled.jpg\",\"contentUrl\":\"https:\/\/igiemmepackaging.it\/wp-content\/uploads\/2025\/05\/03.igiemme_primoljo_panmosto-scaled.jpg\",\"width\":2560,\"height\":2560},{\"@type\":\"BreadcrumbList\",\"@id\":\"https:\/\/igiemmepackaging.it\/de\/packaging\/primoljo-panmosto\/#breadcrumb\",\"itemListElement\":[{\"@type\":\"ListItem\",\"position\":1,\"name\":\"Home\",\"item\":\"https:\/\/igiemmepackaging.it\/de\/\"},{\"@type\":\"ListItem\",\"position\":2,\"name\":\"Projects\",\"item\":\"https:\/\/igiemmepackaging.it\/de\/packaging\/\"},{\"@type\":\"ListItem\",\"position\":3,\"name\":\"Primoljo PanMosto\"}]},{\"@type\":\"WebSite\",\"@id\":\"https:\/\/igiemmepackaging.it\/de\/#website\",\"url\":\"https:\/\/igiemmepackaging.it\/de\/\",\"name\":\"Igiemme\",\"description\":\"Packaging\",\"potentialAction\":[{\"@type\":\"SearchAction\",\"target\":{\"@type\":\"EntryPoint\",\"urlTemplate\":\"https:\/\/igiemmepackaging.it\/de\/?s={search_term_string}\"},\"query-input\":{\"@type\":\"PropertyValueSpecification\",\"valueRequired\":true,\"valueName\":\"search_term_string\"}}],\"inLanguage\":\"de\"}]}<\/script>\n<!-- \/ Yoast SEO plugin. -->","yoast_head_json":{"title":"Primoljo PanMosto - Igiemme","description":"Verpackung f\u00fcr Flaschen mit nativem Oliven\u00f6l extra, entwickelt f\u00fcr Primoljo, ein Oliven\u00f6lunternehmen mit Sitz in Casarano, in der Provinz Lecce (Italien).","robots":{"index":"index","follow":"follow","max-snippet":"max-snippet:-1","max-image-preview":"max-image-preview:large","max-video-preview":"max-video-preview:-1"},"canonical":"https:\/\/igiemmepackaging.it\/de\/packaging\/primoljo-panmosto\/","og_locale":"de_DE","og_type":"article","og_title":"Primoljo PanMosto - Igiemme","og_description":"Verpackung f\u00fcr Flaschen mit nativem Oliven\u00f6l extra, entwickelt f\u00fcr Primoljo, ein Oliven\u00f6lunternehmen mit Sitz in Casarano, in der Provinz Lecce (Italien).","og_url":"https:\/\/igiemmepackaging.it\/de\/packaging\/primoljo-panmosto\/","og_site_name":"Igiemme","article_modified_time":"2025-07-25T14:07:23+00:00","og_image":[{"width":2560,"height":2560,"url":"https:\/\/igiemmepackaging.it\/wp-content\/uploads\/2025\/05\/03.igiemme_primoljo_panmosto-scaled.jpg","type":"image\/jpeg"}],"twitter_card":"summary_large_image","schema":{"@context":"https:\/\/schema.org","@graph":[{"@type":"WebPage","@id":"https:\/\/igiemmepackaging.it\/de\/packaging\/primoljo-panmosto\/","url":"https:\/\/igiemmepackaging.it\/de\/packaging\/primoljo-panmosto\/","name":"Primoljo PanMosto - Igiemme","isPartOf":{"@id":"https:\/\/igiemmepackaging.it\/de\/#website"},"primaryImageOfPage":{"@id":"https:\/\/igiemmepackaging.it\/de\/packaging\/primoljo-panmosto\/#primaryimage"},"image":{"@id":"https:\/\/igiemmepackaging.it\/de\/packaging\/primoljo-panmosto\/#primaryimage"},"thumbnailUrl":"https:\/\/igiemmepackaging.it\/wp-content\/uploads\/2025\/05\/03.igiemme_primoljo_panmosto-scaled.jpg","datePublished":"2025-05-09T15:52:54+00:00","dateModified":"2025-07-25T14:07:23+00:00","description":"Verpackung f\u00fcr Flaschen mit nativem Oliven\u00f6l extra, entwickelt f\u00fcr Primoljo, ein Oliven\u00f6lunternehmen mit Sitz in Casarano, in der Provinz Lecce (Italien).","breadcrumb":{"@id":"https:\/\/igiemmepackaging.it\/de\/packaging\/primoljo-panmosto\/#breadcrumb"},"inLanguage":"de","potentialAction":[{"@type":"ReadAction","target":["https:\/\/igiemmepackaging.it\/de\/packaging\/primoljo-panmosto\/"]}]},{"@type":"ImageObject","inLanguage":"de","@id":"https:\/\/igiemmepackaging.it\/de\/packaging\/primoljo-panmosto\/#primaryimage","url":"https:\/\/igiemmepackaging.it\/wp-content\/uploads\/2025\/05\/03.igiemme_primoljo_panmosto-scaled.jpg","contentUrl":"https:\/\/igiemmepackaging.it\/wp-content\/uploads\/2025\/05\/03.igiemme_primoljo_panmosto-scaled.jpg","width":2560,"height":2560},{"@type":"BreadcrumbList","@id":"https:\/\/igiemmepackaging.it\/de\/packaging\/primoljo-panmosto\/#breadcrumb","itemListElement":[{"@type":"ListItem","position":1,"name":"Home","item":"https:\/\/igiemmepackaging.it\/de\/"},{"@type":"ListItem","position":2,"name":"Projects","item":"https:\/\/igiemmepackaging.it\/de\/packaging\/"},{"@type":"ListItem","position":3,"name":"Primoljo PanMosto"}]},{"@type":"WebSite","@id":"https:\/\/igiemmepackaging.it\/de\/#website","url":"https:\/\/igiemmepackaging.it\/de\/","name":"Igiemme","description":"Packaging","potentialAction":[{"@type":"SearchAction","target":{"@type":"EntryPoint","urlTemplate":"https:\/\/igiemmepackaging.it\/de\/?s={search_term_string}"},"query-input":{"@type":"PropertyValueSpecification","valueRequired":true,"valueName":"search_term_string"}}],"inLanguage":"de"}]}},"acf":[],"_links":{"self":[{"href":"https:\/\/igiemmepackaging.it\/de\/wp-json\/wp\/v2\/project\/2969","targetHints":{"allow":["GET"]}}],"collection":[{"href":"https:\/\/igiemmepackaging.it\/de\/wp-json\/wp\/v2\/project"}],"about":[{"href":"https:\/\/igiemmepackaging.it\/de\/wp-json\/wp\/v2\/types\/project"}],"author":[{"embeddable":true,"href":"https:\/\/igiemmepackaging.it\/de\/wp-json\/wp\/v2\/users\/2"}],"version-history":[{"count":1,"href":"https:\/\/igiemmepackaging.it\/de\/wp-json\/wp\/v2\/project\/2969\/revisions"}],"predecessor-version":[{"id":3038,"href":"https:\/\/igiemmepackaging.it\/de\/wp-json\/wp\/v2\/project\/2969\/revisions\/3038"}],"wp:featuredmedia":[{"embeddable":true,"href":"https:\/\/igiemmepackaging.it\/de\/wp-json\/wp\/v2\/media\/2899"}],"wp:attachment":[{"href":"https:\/\/igiemmepackaging.it\/de\/wp-json\/wp\/v2\/media?parent=2969"}],"wp:term":[{"taxonomy":"category","embeddable":true,"href":"https:\/\/igiemmepackaging.it\/de\/wp-json\/wp\/v2\/categories?post=2969"},{"taxonomy":"post_tag","embeddable":true,"href":"https:\/\/igiemmepackaging.it\/de\/wp-json\/wp\/v2\/tags?post=2969"}],"curies":[{"name":"wp","href":"https:\/\/api.w.org\/{rel}","templated":true}]}}