{"id":1808,"date":"2022-05-24T09:06:57","date_gmt":"2022-05-24T07:06:57","guid":{"rendered":"https:\/\/igiemmepackaging.it\/packaging\/del-duca\/"},"modified":"2022-05-24T09:06:57","modified_gmt":"2022-05-24T07:06:57","slug":"del-duca","status":"publish","type":"project","link":"https:\/\/igiemmepackaging.it\/fr\/packaging\/del-duca\/","title":{"rendered":"Del Duca"},"content":{"rendered":"\n<div class=\"wp-block-columns\">\n<div class=\"wp-block-column\">\n<p>Bo\u00eete avec fen\u00eatre centrale et fermeture automatique du fond. Couleur imprim\u00e9e avec logo de timbre chaud or.<\/p>\n\n\n\n<p><\/p>\n\n\n\n<p>11,5&#215;6,5&#215;25 cm<\/p>\n\n\n\n<p><\/p>\n\n\n\n<p>Emballage pour p\u00e2tes, produit pour <a href=\"https:\/\/www.pastadelduca.it\" target=\"_blank\" rel=\"noreferrer noopener\">Pastificio Del Duca<\/a> situ\u00e9 \u00e0 Parabita, dans la province de Lecce (Pouilles).<\/p>\n\n\n\n<p>Conception: <a href=\"https:\/\/www.pastadelduca.it\"><strong>Pastificio Del Duca<\/strong><\/a><br>Production: Igiemme<br>Graphique: Rumors<br>Photo &amp; video: Noii studio<\/p>\n<\/div>\n\n\n\n<div class=\"wp-block-column\"><aside id=\"banner-contact-block_62949f023d608\" class=\"banner-contact\">\n    <h4>\n        Vous voulez plus d&rsquo;informations sur ce produit ?    <\/h4>\n    <a class=\"scroll-to btn btn-outline-dark\" data-bs-toggle=\"collapse\" href=\"#collapseContactform\" aria-expanded=\"false\" aria-controls=\"collapseContactform\">Nous contacter<\/a>\n<\/aside>\n<\/div>\n<\/div>\n\n\n\n<div style=\"height:100px\" aria-hidden=\"true\" class=\"wp-block-spacer\"><\/div>\n\n\n\n<figure class=\"wp-block-gallery has-nested-images columns-default is-cropped wp-block-gallery-1 is-layout-flex wp-block-gallery-is-layout-flex\">\n<figure class=\"wp-block-image size-large\"><img loading=\"lazy\" decoding=\"async\" width=\"1024\" height=\"1024\" data-id=\"445\" src=\"https:\/\/igiemmepackaging.it\/wp-content\/uploads\/2022\/05\/01.Del-Duca-low-1-1024x1024.jpg\" alt=\"\" class=\"wp-image-445\" srcset=\"https:\/\/igiemmepackaging.it\/wp-content\/uploads\/2022\/05\/01.Del-Duca-low-1-1024x1024.jpg 1024w, https:\/\/igiemmepackaging.it\/wp-content\/uploads\/2022\/05\/01.Del-Duca-low-1-300x300.jpg 300w, https:\/\/igiemmepackaging.it\/wp-content\/uploads\/2022\/05\/01.Del-Duca-low-1-150x150.jpg 150w, https:\/\/igiemmepackaging.it\/wp-content\/uploads\/2022\/05\/01.Del-Duca-low-1-768x768.jpg 768w, https:\/\/igiemmepackaging.it\/wp-content\/uploads\/2022\/05\/01.Del-Duca-low-1-125x125.jpg 125w, https:\/\/igiemmepackaging.it\/wp-content\/uploads\/2022\/05\/01.Del-Duca-low-1.jpg 1500w\" sizes=\"auto, (max-width: 1024px) 100vw, 1024px\" \/><\/figure>\n\n\n\n<figure class=\"wp-block-image size-large\"><img loading=\"lazy\" decoding=\"async\" width=\"1024\" height=\"1024\" data-id=\"442\" src=\"https:\/\/igiemmepackaging.it\/wp-content\/uploads\/2022\/05\/02.Del-Duca-low-1024x1024.jpg\" alt=\"\" class=\"wp-image-442\" srcset=\"https:\/\/igiemmepackaging.it\/wp-content\/uploads\/2022\/05\/02.Del-Duca-low-1024x1024.jpg 1024w, https:\/\/igiemmepackaging.it\/wp-content\/uploads\/2022\/05\/02.Del-Duca-low-300x300.jpg 300w, https:\/\/igiemmepackaging.it\/wp-content\/uploads\/2022\/05\/02.Del-Duca-low-150x150.jpg 150w, https:\/\/igiemmepackaging.it\/wp-content\/uploads\/2022\/05\/02.Del-Duca-low-768x768.jpg 768w, https:\/\/igiemmepackaging.it\/wp-content\/uploads\/2022\/05\/02.Del-Duca-low-125x125.jpg 125w, https:\/\/igiemmepackaging.it\/wp-content\/uploads\/2022\/05\/02.Del-Duca-low.jpg 1500w\" sizes=\"auto, (max-width: 1024px) 100vw, 1024px\" \/><\/figure>\n<\/figure>\n\n\n\n<div class=\"wp-block-columns\">\n<div class=\"wp-block-column\">\n<figure class=\"wp-block-gallery has-nested-images columns-default is-cropped wp-block-gallery-2 is-layout-flex wp-block-gallery-is-layout-flex\">\n<figure class=\"wp-block-image size-large\"><img loading=\"lazy\" decoding=\"async\" width=\"1024\" height=\"1024\" data-id=\"443\" src=\"https:\/\/igiemmepackaging.it\/wp-content\/uploads\/2022\/05\/03.Del-Duca-low-1024x1024.jpg\" alt=\"\" class=\"wp-image-443\" srcset=\"https:\/\/igiemmepackaging.it\/wp-content\/uploads\/2022\/05\/03.Del-Duca-low-1024x1024.jpg 1024w, https:\/\/igiemmepackaging.it\/wp-content\/uploads\/2022\/05\/03.Del-Duca-low-300x300.jpg 300w, https:\/\/igiemmepackaging.it\/wp-content\/uploads\/2022\/05\/03.Del-Duca-low-150x150.jpg 150w, https:\/\/igiemmepackaging.it\/wp-content\/uploads\/2022\/05\/03.Del-Duca-low-768x768.jpg 768w, https:\/\/igiemmepackaging.it\/wp-content\/uploads\/2022\/05\/03.Del-Duca-low-125x125.jpg 125w, https:\/\/igiemmepackaging.it\/wp-content\/uploads\/2022\/05\/03.Del-Duca-low.jpg 1500w\" sizes=\"auto, (max-width: 1024px) 100vw, 1024px\" \/><\/figure>\n<\/figure>\n<\/div>\n\n\n\n<div class=\"wp-block-column\">\n<figure class=\"wp-block-video\"><video height=\"1200\" style=\"aspect-ratio: 1200 \/ 1200;\" width=\"1200\" controls=\"\" src=\"https:\/\/igiemmepackaging.it\/wp-content\/uploads\/2022\/05\/Del-Duca-DEF_1.mp4\"><\/video><\/figure>\n<\/div>\n<\/div>\n","protected":false},"excerpt":{"rendered":"<p>Bo\u00eete avec fen\u00eatre centrale et fermeture automatique du fond. Couleur imprim\u00e9e avec logo de timbre chaud or. 11,5&#215;6,5&#215;25 cm Emballage pour p\u00e2tes, produit pour Pastificio Del Duca situ\u00e9 \u00e0 Parabita, dans la province de Lecce (Pouilles). Conception: Pastificio Del DucaProduction: IgiemmeGraphique: RumorsPhoto &amp; video: Noii studio<\/p>\n","protected":false},"author":2,"featured_media":989,"menu_order":70,"template":"","meta":{"footnotes":""},"categories":[35],"tags":[],"class_list":["post-1808","project","type-project","status-publish","has-post-thumbnail","hentry","category-food-fr"],"yoast_head":"<!-- This site is optimized with the Yoast SEO plugin v26.0 - https:\/\/yoast.com\/wordpress\/plugins\/seo\/ -->\n<title>Packaging Pasta - Del Duca - Scatole Igiemme - Lecce | Puglia<\/title>\n<meta name=\"description\" content=\"Packaging per pasta, realizzato per Pastificio Del Duca, situato a Parabita, in provincia di Lecce (Puglia)\" \/>\n<meta name=\"robots\" content=\"index, follow, max-snippet:-1, max-image-preview:large, max-video-preview:-1\" \/>\n<link rel=\"canonical\" href=\"https:\/\/igiemmepackaging.it\/fr\/packaging\/del-duca\/\" \/>\n<meta property=\"og:locale\" content=\"fr_FR\" \/>\n<meta property=\"og:type\" content=\"article\" \/>\n<meta property=\"og:title\" content=\"Packaging Pasta - Del Duca - Scatole Igiemme - Lecce | Puglia\" \/>\n<meta property=\"og:description\" content=\"Packaging per pasta, realizzato per Pastificio Del Duca, situato a Parabita, in provincia di Lecce (Puglia)\" \/>\n<meta property=\"og:url\" content=\"https:\/\/igiemmepackaging.it\/fr\/packaging\/del-duca\/\" \/>\n<meta property=\"og:site_name\" content=\"Igiemme\" \/>\n<meta property=\"og:image\" content=\"https:\/\/igiemmepackaging.it\/wp-content\/uploads\/2022\/05\/01.Del-Duca-low-1.jpg\" \/>\n\t<meta property=\"og:image:width\" content=\"1500\" \/>\n\t<meta property=\"og:image:height\" content=\"1500\" \/>\n\t<meta property=\"og:image:type\" content=\"image\/jpeg\" \/>\n<meta name=\"twitter:card\" content=\"summary_large_image\" \/>\n<script type=\"application\/ld+json\" class=\"yoast-schema-graph\">{\"@context\":\"https:\/\/schema.org\",\"@graph\":[{\"@type\":\"WebPage\",\"@id\":\"https:\/\/igiemmepackaging.it\/fr\/packaging\/del-duca\/\",\"url\":\"https:\/\/igiemmepackaging.it\/fr\/packaging\/del-duca\/\",\"name\":\"Packaging Pasta - Del Duca - Scatole Igiemme - Lecce | Puglia\",\"isPartOf\":{\"@id\":\"https:\/\/igiemmepackaging.it\/fr\/#website\"},\"primaryImageOfPage\":{\"@id\":\"https:\/\/igiemmepackaging.it\/fr\/packaging\/del-duca\/#primaryimage\"},\"image\":{\"@id\":\"https:\/\/igiemmepackaging.it\/fr\/packaging\/del-duca\/#primaryimage\"},\"thumbnailUrl\":\"https:\/\/igiemmepackaging.it\/wp-content\/uploads\/2022\/05\/01.Del-Duca-low-1.jpg\",\"datePublished\":\"2022-05-24T07:06:57+00:00\",\"description\":\"Packaging per pasta, realizzato per Pastificio Del Duca, situato a Parabita, in provincia di Lecce (Puglia)\",\"breadcrumb\":{\"@id\":\"https:\/\/igiemmepackaging.it\/fr\/packaging\/del-duca\/#breadcrumb\"},\"inLanguage\":\"fr-FR\",\"potentialAction\":[{\"@type\":\"ReadAction\",\"target\":[\"https:\/\/igiemmepackaging.it\/fr\/packaging\/del-duca\/\"]}]},{\"@type\":\"ImageObject\",\"inLanguage\":\"fr-FR\",\"@id\":\"https:\/\/igiemmepackaging.it\/fr\/packaging\/del-duca\/#primaryimage\",\"url\":\"https:\/\/igiemmepackaging.it\/wp-content\/uploads\/2022\/05\/01.Del-Duca-low-1.jpg\",\"contentUrl\":\"https:\/\/igiemmepackaging.it\/wp-content\/uploads\/2022\/05\/01.Del-Duca-low-1.jpg\",\"width\":1500,\"height\":1500},{\"@type\":\"BreadcrumbList\",\"@id\":\"https:\/\/igiemmepackaging.it\/fr\/packaging\/del-duca\/#breadcrumb\",\"itemListElement\":[{\"@type\":\"ListItem\",\"position\":1,\"name\":\"Home\",\"item\":\"https:\/\/igiemmepackaging.it\/fr\/\"},{\"@type\":\"ListItem\",\"position\":2,\"name\":\"Projects\",\"item\":\"https:\/\/igiemmepackaging.it\/fr\/packaging\/\"},{\"@type\":\"ListItem\",\"position\":3,\"name\":\"Del Duca\"}]},{\"@type\":\"WebSite\",\"@id\":\"https:\/\/igiemmepackaging.it\/fr\/#website\",\"url\":\"https:\/\/igiemmepackaging.it\/fr\/\",\"name\":\"Igiemme\",\"description\":\"Packaging\",\"potentialAction\":[{\"@type\":\"SearchAction\",\"target\":{\"@type\":\"EntryPoint\",\"urlTemplate\":\"https:\/\/igiemmepackaging.it\/fr\/?s={search_term_string}\"},\"query-input\":{\"@type\":\"PropertyValueSpecification\",\"valueRequired\":true,\"valueName\":\"search_term_string\"}}],\"inLanguage\":\"fr-FR\"}]}<\/script>\n<!-- \/ Yoast SEO plugin. -->","yoast_head_json":{"title":"Packaging Pasta - Del Duca - Scatole Igiemme - Lecce | Puglia","description":"Packaging per pasta, realizzato per Pastificio Del Duca, situato a Parabita, in provincia di Lecce (Puglia)","robots":{"index":"index","follow":"follow","max-snippet":"max-snippet:-1","max-image-preview":"max-image-preview:large","max-video-preview":"max-video-preview:-1"},"canonical":"https:\/\/igiemmepackaging.it\/fr\/packaging\/del-duca\/","og_locale":"fr_FR","og_type":"article","og_title":"Packaging Pasta - Del Duca - Scatole Igiemme - Lecce | Puglia","og_description":"Packaging per pasta, realizzato per Pastificio Del Duca, situato a Parabita, in provincia di Lecce (Puglia)","og_url":"https:\/\/igiemmepackaging.it\/fr\/packaging\/del-duca\/","og_site_name":"Igiemme","og_image":[{"width":1500,"height":1500,"url":"https:\/\/igiemmepackaging.it\/wp-content\/uploads\/2022\/05\/01.Del-Duca-low-1.jpg","type":"image\/jpeg"}],"twitter_card":"summary_large_image","schema":{"@context":"https:\/\/schema.org","@graph":[{"@type":"WebPage","@id":"https:\/\/igiemmepackaging.it\/fr\/packaging\/del-duca\/","url":"https:\/\/igiemmepackaging.it\/fr\/packaging\/del-duca\/","name":"Packaging Pasta - Del Duca - Scatole Igiemme - Lecce | Puglia","isPartOf":{"@id":"https:\/\/igiemmepackaging.it\/fr\/#website"},"primaryImageOfPage":{"@id":"https:\/\/igiemmepackaging.it\/fr\/packaging\/del-duca\/#primaryimage"},"image":{"@id":"https:\/\/igiemmepackaging.it\/fr\/packaging\/del-duca\/#primaryimage"},"thumbnailUrl":"https:\/\/igiemmepackaging.it\/wp-content\/uploads\/2022\/05\/01.Del-Duca-low-1.jpg","datePublished":"2022-05-24T07:06:57+00:00","description":"Packaging per pasta, realizzato per Pastificio Del Duca, situato a Parabita, in provincia di Lecce (Puglia)","breadcrumb":{"@id":"https:\/\/igiemmepackaging.it\/fr\/packaging\/del-duca\/#breadcrumb"},"inLanguage":"fr-FR","potentialAction":[{"@type":"ReadAction","target":["https:\/\/igiemmepackaging.it\/fr\/packaging\/del-duca\/"]}]},{"@type":"ImageObject","inLanguage":"fr-FR","@id":"https:\/\/igiemmepackaging.it\/fr\/packaging\/del-duca\/#primaryimage","url":"https:\/\/igiemmepackaging.it\/wp-content\/uploads\/2022\/05\/01.Del-Duca-low-1.jpg","contentUrl":"https:\/\/igiemmepackaging.it\/wp-content\/uploads\/2022\/05\/01.Del-Duca-low-1.jpg","width":1500,"height":1500},{"@type":"BreadcrumbList","@id":"https:\/\/igiemmepackaging.it\/fr\/packaging\/del-duca\/#breadcrumb","itemListElement":[{"@type":"ListItem","position":1,"name":"Home","item":"https:\/\/igiemmepackaging.it\/fr\/"},{"@type":"ListItem","position":2,"name":"Projects","item":"https:\/\/igiemmepackaging.it\/fr\/packaging\/"},{"@type":"ListItem","position":3,"name":"Del Duca"}]},{"@type":"WebSite","@id":"https:\/\/igiemmepackaging.it\/fr\/#website","url":"https:\/\/igiemmepackaging.it\/fr\/","name":"Igiemme","description":"Packaging","potentialAction":[{"@type":"SearchAction","target":{"@type":"EntryPoint","urlTemplate":"https:\/\/igiemmepackaging.it\/fr\/?s={search_term_string}"},"query-input":{"@type":"PropertyValueSpecification","valueRequired":true,"valueName":"search_term_string"}}],"inLanguage":"fr-FR"}]}},"acf":[],"_links":{"self":[{"href":"https:\/\/igiemmepackaging.it\/fr\/wp-json\/wp\/v2\/project\/1808","targetHints":{"allow":["GET"]}}],"collection":[{"href":"https:\/\/igiemmepackaging.it\/fr\/wp-json\/wp\/v2\/project"}],"about":[{"href":"https:\/\/igiemmepackaging.it\/fr\/wp-json\/wp\/v2\/types\/project"}],"author":[{"embeddable":true,"href":"https:\/\/igiemmepackaging.it\/fr\/wp-json\/wp\/v2\/users\/2"}],"version-history":[{"count":0,"href":"https:\/\/igiemmepackaging.it\/fr\/wp-json\/wp\/v2\/project\/1808\/revisions"}],"wp:featuredmedia":[{"embeddable":true,"href":"https:\/\/igiemmepackaging.it\/fr\/wp-json\/wp\/v2\/media\/989"}],"wp:attachment":[{"href":"https:\/\/igiemmepackaging.it\/fr\/wp-json\/wp\/v2\/media?parent=1808"}],"wp:term":[{"taxonomy":"category","embeddable":true,"href":"https:\/\/igiemmepackaging.it\/fr\/wp-json\/wp\/v2\/categories?post=1808"},{"taxonomy":"post_tag","embeddable":true,"href":"https:\/\/igiemmepackaging.it\/fr\/wp-json\/wp\/v2\/tags?post=1808"}],"curies":[{"name":"wp","href":"https:\/\/api.w.org\/{rel}","templated":true}]}}