{"id":2222,"date":"2023-12-04T10:19:26","date_gmt":"2023-12-04T09:19:26","guid":{"rendered":"https:\/\/igiemmepackaging.it\/packaging\/preite\/"},"modified":"2023-12-04T11:30:57","modified_gmt":"2023-12-04T10:30:57","slug":"preite","status":"publish","type":"project","link":"https:\/\/igiemmepackaging.it\/fr\/packaging\/preite\/","title":{"rendered":"Preite"},"content":{"rendered":"\n<div class=\"wp-block-columns\">\n<div class=\"wp-block-column\">\n<p>Bo\u00eetier en biscuit imprim\u00e9 en 4 couleurs avec vernis et or coul\u00e9 \u00e0 chaud.<\/p>\n\n\n\n<p>20x20x21 cm<\/p>\n\n\n\n<p>Emballage cr\u00e9\u00e9 pour Preite, une boulangerie artisanale situ\u00e9e \u00e0 Casarano, dans la province de Lecce (Pouilles).<\/p>\n\n\n\n<p>Conception et production: Igiemme<br>Photo &amp; video: Noii studio<\/p>\n<\/div>\n\n\n\n<div class=\"wp-block-column\"><aside id=\"banner-contact-block_656d993f1af1a\" class=\"banner-contact\">\n    <h4>\n        Vous voulez plus d&rsquo;informations sur ce produit ?    <\/h4>\n    <a class=\"scroll-to btn btn-outline-dark\" data-bs-toggle=\"collapse\" href=\"#collapseContactform\" aria-expanded=\"false\" aria-controls=\"collapseContactform\">Nous contacter<\/a>\n<\/aside>\n<\/div>\n<\/div>\n\n\n\n<div style=\"height:100px\" aria-hidden=\"true\" class=\"wp-block-spacer\"><\/div>\n\n\n\n<figure class=\"wp-block-gallery has-nested-images columns-2 is-cropped wp-block-gallery-1 is-layout-flex wp-block-gallery-is-layout-flex\">\n<figure class=\"wp-block-image size-large\"><img loading=\"lazy\" decoding=\"async\" width=\"1024\" height=\"1024\" data-id=\"2190\" src=\"https:\/\/igiemmepackaging.it\/wp-content\/uploads\/2023\/12\/05a.IG_pack-preite-biscotti-1024x1024.jpg\" alt=\"\" class=\"wp-image-2190\" srcset=\"https:\/\/igiemmepackaging.it\/wp-content\/uploads\/2023\/12\/05a.IG_pack-preite-biscotti-1024x1024.jpg 1024w, https:\/\/igiemmepackaging.it\/wp-content\/uploads\/2023\/12\/05a.IG_pack-preite-biscotti-300x300.jpg 300w, https:\/\/igiemmepackaging.it\/wp-content\/uploads\/2023\/12\/05a.IG_pack-preite-biscotti-150x150.jpg 150w, https:\/\/igiemmepackaging.it\/wp-content\/uploads\/2023\/12\/05a.IG_pack-preite-biscotti-768x768.jpg 768w, https:\/\/igiemmepackaging.it\/wp-content\/uploads\/2023\/12\/05a.IG_pack-preite-biscotti-125x125.jpg 125w, https:\/\/igiemmepackaging.it\/wp-content\/uploads\/2023\/12\/05a.IG_pack-preite-biscotti.jpg 1080w\" sizes=\"auto, (max-width: 1024px) 100vw, 1024px\" \/><\/figure>\n\n\n\n<figure class=\"wp-block-image size-large\"><img loading=\"lazy\" decoding=\"async\" width=\"1024\" height=\"1024\" data-id=\"2194\" src=\"https:\/\/igiemmepackaging.it\/wp-content\/uploads\/2023\/12\/05b.IG_pack-preite-biscotti-1024x1024.jpg\" alt=\"\" class=\"wp-image-2194\" srcset=\"https:\/\/igiemmepackaging.it\/wp-content\/uploads\/2023\/12\/05b.IG_pack-preite-biscotti-1024x1024.jpg 1024w, https:\/\/igiemmepackaging.it\/wp-content\/uploads\/2023\/12\/05b.IG_pack-preite-biscotti-300x300.jpg 300w, https:\/\/igiemmepackaging.it\/wp-content\/uploads\/2023\/12\/05b.IG_pack-preite-biscotti-150x150.jpg 150w, https:\/\/igiemmepackaging.it\/wp-content\/uploads\/2023\/12\/05b.IG_pack-preite-biscotti-768x768.jpg 768w, https:\/\/igiemmepackaging.it\/wp-content\/uploads\/2023\/12\/05b.IG_pack-preite-biscotti-125x125.jpg 125w, https:\/\/igiemmepackaging.it\/wp-content\/uploads\/2023\/12\/05b.IG_pack-preite-biscotti.jpg 1080w\" sizes=\"auto, (max-width: 1024px) 100vw, 1024px\" \/><\/figure>\n\n\n\n<figure class=\"wp-block-image size-large\"><img loading=\"lazy\" decoding=\"async\" width=\"1024\" height=\"1024\" data-id=\"2198\" src=\"https:\/\/igiemmepackaging.it\/wp-content\/uploads\/2023\/12\/05c.IG_pack-preite-biscotti-1024x1024.jpg\" alt=\"\" class=\"wp-image-2198\" srcset=\"https:\/\/igiemmepackaging.it\/wp-content\/uploads\/2023\/12\/05c.IG_pack-preite-biscotti-1024x1024.jpg 1024w, https:\/\/igiemmepackaging.it\/wp-content\/uploads\/2023\/12\/05c.IG_pack-preite-biscotti-300x300.jpg 300w, https:\/\/igiemmepackaging.it\/wp-content\/uploads\/2023\/12\/05c.IG_pack-preite-biscotti-150x150.jpg 150w, https:\/\/igiemmepackaging.it\/wp-content\/uploads\/2023\/12\/05c.IG_pack-preite-biscotti-768x768.jpg 768w, https:\/\/igiemmepackaging.it\/wp-content\/uploads\/2023\/12\/05c.IG_pack-preite-biscotti-125x125.jpg 125w, https:\/\/igiemmepackaging.it\/wp-content\/uploads\/2023\/12\/05c.IG_pack-preite-biscotti.jpg 1080w\" sizes=\"auto, (max-width: 1024px) 100vw, 1024px\" \/><\/figure>\n\n\n\n<figure class=\"wp-block-image size-large\"><img loading=\"lazy\" decoding=\"async\" width=\"1024\" height=\"1024\" data-id=\"2202\" src=\"https:\/\/igiemmepackaging.it\/wp-content\/uploads\/2023\/12\/05d.IG_pack-preite-biscotti-1024x1024.jpg\" alt=\"\" class=\"wp-image-2202\" srcset=\"https:\/\/igiemmepackaging.it\/wp-content\/uploads\/2023\/12\/05d.IG_pack-preite-biscotti-1024x1024.jpg 1024w, https:\/\/igiemmepackaging.it\/wp-content\/uploads\/2023\/12\/05d.IG_pack-preite-biscotti-300x300.jpg 300w, https:\/\/igiemmepackaging.it\/wp-content\/uploads\/2023\/12\/05d.IG_pack-preite-biscotti-150x150.jpg 150w, https:\/\/igiemmepackaging.it\/wp-content\/uploads\/2023\/12\/05d.IG_pack-preite-biscotti-768x768.jpg 768w, https:\/\/igiemmepackaging.it\/wp-content\/uploads\/2023\/12\/05d.IG_pack-preite-biscotti-125x125.jpg 125w, https:\/\/igiemmepackaging.it\/wp-content\/uploads\/2023\/12\/05d.IG_pack-preite-biscotti.jpg 1080w\" sizes=\"auto, (max-width: 1024px) 100vw, 1024px\" \/><\/figure>\n<\/figure>\n\n\n\n<div class=\"wp-block-columns\">\n<div class=\"wp-block-column\">\n<figure class=\"wp-block-video\"><video height=\"1080\" style=\"aspect-ratio: 1080 \/ 1080;\" width=\"1080\" controls=\"\" src=\"https:\/\/igiemmepackaging.it\/wp-content\/uploads\/2023\/12\/Preite.mp4\"><\/video><\/figure>\n<\/div>\n\n\n\n<div class=\"wp-block-column\"><\/div>\n<\/div>\n","protected":false},"excerpt":{"rendered":"<p>Bo\u00eetier en biscuit imprim\u00e9 en 4 couleurs avec vernis et or coul\u00e9 \u00e0 chaud. 20x20x21 cm Emballage cr\u00e9\u00e9 pour Preite, une boulangerie artisanale situ\u00e9e \u00e0 Casarano, dans la province de Lecce (Pouilles). Conception et production: IgiemmePhoto &amp; video: Noii studio<\/p>\n","protected":false},"author":2,"featured_media":2192,"menu_order":43,"template":"","meta":{"footnotes":""},"categories":[35],"tags":[],"class_list":["post-2222","project","type-project","status-publish","has-post-thumbnail","hentry","category-food-fr"],"yoast_head":"<!-- This site is optimized with the Yoast SEO plugin v26.0 - https:\/\/yoast.com\/wordpress\/plugins\/seo\/ -->\n<title>Preite - Igiemme<\/title>\n<meta name=\"description\" content=\"Emballage cr\u00e9\u00e9 pour Preite, une boulangerie artisanale situ\u00e9e \u00e0 Casarano, dans la province de Lecce (Pouilles).\" \/>\n<meta name=\"robots\" content=\"index, follow, max-snippet:-1, max-image-preview:large, max-video-preview:-1\" \/>\n<link rel=\"canonical\" href=\"https:\/\/igiemmepackaging.it\/fr\/packaging\/preite\/\" \/>\n<meta property=\"og:locale\" content=\"fr_FR\" \/>\n<meta property=\"og:type\" content=\"article\" \/>\n<meta property=\"og:title\" content=\"Preite - Igiemme\" \/>\n<meta property=\"og:description\" content=\"Emballage cr\u00e9\u00e9 pour Preite, une boulangerie artisanale situ\u00e9e \u00e0 Casarano, dans la province de Lecce (Pouilles).\" \/>\n<meta property=\"og:url\" content=\"https:\/\/igiemmepackaging.it\/fr\/packaging\/preite\/\" \/>\n<meta property=\"og:site_name\" content=\"Igiemme\" \/>\n<meta property=\"article:modified_time\" content=\"2023-12-04T10:30:57+00:00\" \/>\n<meta property=\"og:image\" content=\"https:\/\/igiemmepackaging.it\/wp-content\/uploads\/2023\/12\/05a.IG_pack-preite-biscotti.jpg\" \/>\n\t<meta property=\"og:image:width\" content=\"1080\" \/>\n\t<meta property=\"og:image:height\" content=\"1080\" \/>\n\t<meta property=\"og:image:type\" content=\"image\/jpeg\" \/>\n<meta name=\"twitter:card\" content=\"summary_large_image\" \/>\n<script type=\"application\/ld+json\" class=\"yoast-schema-graph\">{\"@context\":\"https:\/\/schema.org\",\"@graph\":[{\"@type\":\"WebPage\",\"@id\":\"https:\/\/igiemmepackaging.it\/fr\/packaging\/preite\/\",\"url\":\"https:\/\/igiemmepackaging.it\/fr\/packaging\/preite\/\",\"name\":\"Preite - Igiemme\",\"isPartOf\":{\"@id\":\"https:\/\/igiemmepackaging.it\/fr\/#website\"},\"primaryImageOfPage\":{\"@id\":\"https:\/\/igiemmepackaging.it\/fr\/packaging\/preite\/#primaryimage\"},\"image\":{\"@id\":\"https:\/\/igiemmepackaging.it\/fr\/packaging\/preite\/#primaryimage\"},\"thumbnailUrl\":\"https:\/\/igiemmepackaging.it\/wp-content\/uploads\/2023\/12\/05a.IG_pack-preite-biscotti.jpg\",\"datePublished\":\"2023-12-04T09:19:26+00:00\",\"dateModified\":\"2023-12-04T10:30:57+00:00\",\"description\":\"Emballage cr\u00e9\u00e9 pour Preite, une boulangerie artisanale situ\u00e9e \u00e0 Casarano, dans la province de Lecce (Pouilles).\",\"breadcrumb\":{\"@id\":\"https:\/\/igiemmepackaging.it\/fr\/packaging\/preite\/#breadcrumb\"},\"inLanguage\":\"fr-FR\",\"potentialAction\":[{\"@type\":\"ReadAction\",\"target\":[\"https:\/\/igiemmepackaging.it\/fr\/packaging\/preite\/\"]}]},{\"@type\":\"ImageObject\",\"inLanguage\":\"fr-FR\",\"@id\":\"https:\/\/igiemmepackaging.it\/fr\/packaging\/preite\/#primaryimage\",\"url\":\"https:\/\/igiemmepackaging.it\/wp-content\/uploads\/2023\/12\/05a.IG_pack-preite-biscotti.jpg\",\"contentUrl\":\"https:\/\/igiemmepackaging.it\/wp-content\/uploads\/2023\/12\/05a.IG_pack-preite-biscotti.jpg\",\"width\":1080,\"height\":1080},{\"@type\":\"BreadcrumbList\",\"@id\":\"https:\/\/igiemmepackaging.it\/fr\/packaging\/preite\/#breadcrumb\",\"itemListElement\":[{\"@type\":\"ListItem\",\"position\":1,\"name\":\"Home\",\"item\":\"https:\/\/igiemmepackaging.it\/fr\/\"},{\"@type\":\"ListItem\",\"position\":2,\"name\":\"Projects\",\"item\":\"https:\/\/igiemmepackaging.it\/fr\/packaging\/\"},{\"@type\":\"ListItem\",\"position\":3,\"name\":\"Preite\"}]},{\"@type\":\"WebSite\",\"@id\":\"https:\/\/igiemmepackaging.it\/fr\/#website\",\"url\":\"https:\/\/igiemmepackaging.it\/fr\/\",\"name\":\"Igiemme\",\"description\":\"Packaging\",\"potentialAction\":[{\"@type\":\"SearchAction\",\"target\":{\"@type\":\"EntryPoint\",\"urlTemplate\":\"https:\/\/igiemmepackaging.it\/fr\/?s={search_term_string}\"},\"query-input\":{\"@type\":\"PropertyValueSpecification\",\"valueRequired\":true,\"valueName\":\"search_term_string\"}}],\"inLanguage\":\"fr-FR\"}]}<\/script>\n<!-- \/ Yoast SEO plugin. -->","yoast_head_json":{"title":"Preite - Igiemme","description":"Emballage cr\u00e9\u00e9 pour Preite, une boulangerie artisanale situ\u00e9e \u00e0 Casarano, dans la province de Lecce (Pouilles).","robots":{"index":"index","follow":"follow","max-snippet":"max-snippet:-1","max-image-preview":"max-image-preview:large","max-video-preview":"max-video-preview:-1"},"canonical":"https:\/\/igiemmepackaging.it\/fr\/packaging\/preite\/","og_locale":"fr_FR","og_type":"article","og_title":"Preite - Igiemme","og_description":"Emballage cr\u00e9\u00e9 pour Preite, une boulangerie artisanale situ\u00e9e \u00e0 Casarano, dans la province de Lecce (Pouilles).","og_url":"https:\/\/igiemmepackaging.it\/fr\/packaging\/preite\/","og_site_name":"Igiemme","article_modified_time":"2023-12-04T10:30:57+00:00","og_image":[{"width":1080,"height":1080,"url":"https:\/\/igiemmepackaging.it\/wp-content\/uploads\/2023\/12\/05a.IG_pack-preite-biscotti.jpg","type":"image\/jpeg"}],"twitter_card":"summary_large_image","schema":{"@context":"https:\/\/schema.org","@graph":[{"@type":"WebPage","@id":"https:\/\/igiemmepackaging.it\/fr\/packaging\/preite\/","url":"https:\/\/igiemmepackaging.it\/fr\/packaging\/preite\/","name":"Preite - Igiemme","isPartOf":{"@id":"https:\/\/igiemmepackaging.it\/fr\/#website"},"primaryImageOfPage":{"@id":"https:\/\/igiemmepackaging.it\/fr\/packaging\/preite\/#primaryimage"},"image":{"@id":"https:\/\/igiemmepackaging.it\/fr\/packaging\/preite\/#primaryimage"},"thumbnailUrl":"https:\/\/igiemmepackaging.it\/wp-content\/uploads\/2023\/12\/05a.IG_pack-preite-biscotti.jpg","datePublished":"2023-12-04T09:19:26+00:00","dateModified":"2023-12-04T10:30:57+00:00","description":"Emballage cr\u00e9\u00e9 pour Preite, une boulangerie artisanale situ\u00e9e \u00e0 Casarano, dans la province de Lecce (Pouilles).","breadcrumb":{"@id":"https:\/\/igiemmepackaging.it\/fr\/packaging\/preite\/#breadcrumb"},"inLanguage":"fr-FR","potentialAction":[{"@type":"ReadAction","target":["https:\/\/igiemmepackaging.it\/fr\/packaging\/preite\/"]}]},{"@type":"ImageObject","inLanguage":"fr-FR","@id":"https:\/\/igiemmepackaging.it\/fr\/packaging\/preite\/#primaryimage","url":"https:\/\/igiemmepackaging.it\/wp-content\/uploads\/2023\/12\/05a.IG_pack-preite-biscotti.jpg","contentUrl":"https:\/\/igiemmepackaging.it\/wp-content\/uploads\/2023\/12\/05a.IG_pack-preite-biscotti.jpg","width":1080,"height":1080},{"@type":"BreadcrumbList","@id":"https:\/\/igiemmepackaging.it\/fr\/packaging\/preite\/#breadcrumb","itemListElement":[{"@type":"ListItem","position":1,"name":"Home","item":"https:\/\/igiemmepackaging.it\/fr\/"},{"@type":"ListItem","position":2,"name":"Projects","item":"https:\/\/igiemmepackaging.it\/fr\/packaging\/"},{"@type":"ListItem","position":3,"name":"Preite"}]},{"@type":"WebSite","@id":"https:\/\/igiemmepackaging.it\/fr\/#website","url":"https:\/\/igiemmepackaging.it\/fr\/","name":"Igiemme","description":"Packaging","potentialAction":[{"@type":"SearchAction","target":{"@type":"EntryPoint","urlTemplate":"https:\/\/igiemmepackaging.it\/fr\/?s={search_term_string}"},"query-input":{"@type":"PropertyValueSpecification","valueRequired":true,"valueName":"search_term_string"}}],"inLanguage":"fr-FR"}]}},"acf":[],"_links":{"self":[{"href":"https:\/\/igiemmepackaging.it\/fr\/wp-json\/wp\/v2\/project\/2222","targetHints":{"allow":["GET"]}}],"collection":[{"href":"https:\/\/igiemmepackaging.it\/fr\/wp-json\/wp\/v2\/project"}],"about":[{"href":"https:\/\/igiemmepackaging.it\/fr\/wp-json\/wp\/v2\/types\/project"}],"author":[{"embeddable":true,"href":"https:\/\/igiemmepackaging.it\/fr\/wp-json\/wp\/v2\/users\/2"}],"version-history":[{"count":1,"href":"https:\/\/igiemmepackaging.it\/fr\/wp-json\/wp\/v2\/project\/2222\/revisions"}],"predecessor-version":[{"id":2223,"href":"https:\/\/igiemmepackaging.it\/fr\/wp-json\/wp\/v2\/project\/2222\/revisions\/2223"}],"wp:featuredmedia":[{"embeddable":true,"href":"https:\/\/igiemmepackaging.it\/fr\/wp-json\/wp\/v2\/media\/2192"}],"wp:attachment":[{"href":"https:\/\/igiemmepackaging.it\/fr\/wp-json\/wp\/v2\/media?parent=2222"}],"wp:term":[{"taxonomy":"category","embeddable":true,"href":"https:\/\/igiemmepackaging.it\/fr\/wp-json\/wp\/v2\/categories?post=2222"},{"taxonomy":"post_tag","embeddable":true,"href":"https:\/\/igiemmepackaging.it\/fr\/wp-json\/wp\/v2\/tags?post=2222"}],"curies":[{"name":"wp","href":"https:\/\/api.w.org\/{rel}","templated":true}]}}